{"id":56,"date":"2015-06-25T14:28:17","date_gmt":"2015-06-25T14:28:17","guid":{"rendered":"http:\/\/en-accord.fr\/?page_id=56"},"modified":"2018-07-16T14:59:01","modified_gmt":"2018-07-16T14:59:01","slug":"etre-nourri","status":"publish","type":"page","link":"https:\/\/en-accord.fr\/index.php\/etre-nourri\/","title":{"rendered":"\u00catre nourri"},"content":{"rendered":"<p>[vc_row][vc_column width=\u00a0\u00bb1\/6&Prime;][vc_column_text]<br \/>\n[\/vc_column_text][\/vc_column][vc_column width=\u00a0\u00bb2\/3&Prime;][vc_icon type=\u00a0\u00bbtypicons\u00a0\u00bb icon_typicons=\u00a0\u00bbtypcn typcn-leaf\u00a0\u00bb color=\u00a0\u00bbsky\u00a0\u00bb size=\u00a0\u00bbxl\u00a0\u00bb align=\u00a0\u00bbcenter\u00a0\u00bb][\/vc_column][vc_column width=\u00a0\u00bb1\/6&Prime;][vc_column_text]<br \/>\n[\/vc_column_text][\/vc_column][\/vc_row][vc_row unique_color=\u00a0\u00bb#26bdef\u00a0\u00bb css=\u00a0\u00bb.vc_custom_1441201519413{margin-top: -60px !important;}\u00a0\u00bb][vc_column width=\u00a0\u00bb1\/4&Prime;][vc_column_text]<br \/>\n[\/vc_column_text][\/vc_column][vc_column width=\u00a0\u00bb1\/2&Prime;][vc_column_text]<\/p>\n<h2 style=\"text-align: center;\">\u00catre nourri<\/h2>\n<p>[\/vc_column_text][\/vc_column][vc_column width=\u00a0\u00bb1\/4&Prime;][vc_column_text]<br \/>\n[\/vc_column_text][\/vc_column][\/vc_row][vc_row][vc_column width=\u00a0\u00bb1\/2&Prime;][vc_single_image image=\u00a0\u00bb1482&Prime; img_size=\u00a0\u00bb500&#215;300&Prime; alignment=\u00a0\u00bbcenter\u00a0\u00bb][\/vc_column][vc_column width=\u00a0\u00bb1\/2&Prime;][vc_column_text]On se construit avec ce que l\u2019on mange.<br \/>\nNous sommes ce que nous mangeons.<br \/>\nDig\u00e9rer c\u2019est se lib\u00e9rer et ainsi grandir et se construire.<br \/>\nComme le disait d\u00e9j\u00e0 Hippocrate : \u00abL\u2019alimentation est notre meilleure m\u00e9decine\u00bb.<\/p>\n<p>Alors \u2013 O\u00f9 trouver les briques qu\u2019il nous faut ? Comment faire face \u00e0 une nourriture qui est de plus en plus pauvre en nutriments dans notre civilisation moderne ? Il devient difficile aujourd\u2019hui, si on veut pr\u00e9server ou retrouver sa forme, de ne pas suppl\u00e9menter son alimentation. Et parfois on a besoin de produits particuli\u00e8rement concentr\u00e9s en vitamines et min\u00e9raux, pour combler des manques et retrouver l\u2019\u00e9quilibre.<br \/>\nJe suis toujours \u00e0 l\u2019\u00e9coute de produits nutritionnels de qualit\u00e9. J\u2019ai travaill\u00e9 avec plusieurs laboratoires, auxquels je fais toujours confiance. Mon c\u0153ur est all\u00e9 vers Reliv depuis 2 ans, au vu du soutien nutritionnel que leurs produits m\u2019apportent personnellement.<\/p>\n<p>La gamme de produits Reliv propose des produits de qualit\u00e9, tr\u00e8s riches, tr\u00e8s vivants. Des produits bas\u00e9s sur des recherches scientifiques, produits en interne par un laboratoire ayant une forte \u00e9thique de contr\u00f4le qualit\u00e9, un choix d\u2019ingr\u00e9dients test\u00e9s et contr\u00f4l\u00e9s \u00e0 de nombreuses reprises. Cette gamme de compl\u00e9ments alimentaires donne \u00e0 votre corps la nutrition n\u00e9cessaire \u00e0 un bon \u00e9tat d\u2019\u00e9quilibre interne. Chaque produit peut se prendre seul ou en synergie avec d\u2019autres. La plupart des produits peuvent se prendre en cure ponctuelle de 21 ou de 90 jours, ou \u00eatre un geste de long-terme pour vous.<\/p>\n<p>Parlons-en, discutons de vos besoins et vos envies, sans pression d\u2019achat. J\u2019offre toujours une consultation pr\u00e9alable ainsi qu\u2019une pr\u00e9sence \u00e0 vos c\u00f4t\u00e9s pendant la prise des produits. Vous achetez bien plus qu\u2019une bo\u00eete quand vous choisissez de travailler avec moi !<\/p>\n<p><!--Voir [icon name=\"fa fa-arrow-right\" theme_color=\"no\" color=\"#5AA1E3\" align=\"center\"] <a href=\"http:\/\/en-accord.fr\/index.php\/boutique\/\">BOUTIQUE<\/a>-->[\/vc_column_text][\/vc_column][\/vc_row]<\/p>\n","protected":false},"excerpt":{"rendered":"<p>[vc_row][vc_column width=\u00a0\u00bb1\/6&Prime;][vc_column_text] [\/vc_column_text][\/vc_column][vc_column width=\u00a0\u00bb2\/3&Prime;][vc_icon type=\u00a0\u00bbtypicons\u00a0\u00bb icon_typicons=\u00a0\u00bbtypcn typcn-leaf\u00a0\u00bb color=\u00a0\u00bbsky\u00a0\u00bb size=\u00a0\u00bbxl\u00a0\u00bb align=\u00a0\u00bbcenter\u00a0\u00bb][\/vc_column][vc_column width=\u00a0\u00bb1\/6&Prime;][vc_column_text] [\/vc_column_text][\/vc_column][\/vc_row][vc_row unique_color=\u00a0\u00bb#26bdef\u00a0\u00bb css=\u00a0\u00bb.vc_custom_1441201519413{margin-top: -60px !important;}\u00a0\u00bb][vc_column width=\u00a0\u00bb1\/4&Prime;][vc_column_text] [\/vc_column_text][\/vc_column][vc_column width=\u00a0\u00bb1\/2&Prime;][vc_column_text] \u00catre nourri [\/vc_column_text][\/vc_column][vc_column width=\u00a0\u00bb1\/4&Prime;][vc_column_text] [\/vc_column_text][\/vc_column][\/vc_row][vc_row][vc_column width=\u00a0\u00bb1\/2&Prime;][vc_single_image image=\u00a0\u00bb1482&Prime; img_size=\u00a0\u00bb500&#215;300&Prime; alignment=\u00a0\u00bbcenter\u00a0\u00bb][\/vc_column][vc_column width=\u00a0\u00bb1\/2&Prime;][vc_column_text]On se construit avec ce que l\u2019on mange. Nous sommes ce que nous mangeons. Dig\u00e9rer c\u2019est se lib\u00e9rer et ainsi grandir et se construire. Comme le disait [&hellip;]<\/p>\n","protected":false},"author":1,"featured_media":0,"parent":0,"menu_order":0,"comment_status":"open","ping_status":"open","template":"","meta":{"footnotes":""},"class_list":["post-56","page","type-page","status-publish","hentry"],"_links":{"self":[{"href":"https:\/\/en-accord.fr\/index.php\/wp-json\/wp\/v2\/pages\/56","targetHints":{"allow":["GET"]}}],"collection":[{"href":"https:\/\/en-accord.fr\/index.php\/wp-json\/wp\/v2\/pages"}],"about":[{"href":"https:\/\/en-accord.fr\/index.php\/wp-json\/wp\/v2\/types\/page"}],"author":[{"embeddable":true,"href":"https:\/\/en-accord.fr\/index.php\/wp-json\/wp\/v2\/users\/1"}],"replies":[{"embeddable":true,"href":"https:\/\/en-accord.fr\/index.php\/wp-json\/wp\/v2\/comments?post=56"}],"version-history":[{"count":54,"href":"https:\/\/en-accord.fr\/index.php\/wp-json\/wp\/v2\/pages\/56\/revisions"}],"predecessor-version":[{"id":1576,"href":"https:\/\/en-accord.fr\/index.php\/wp-json\/wp\/v2\/pages\/56\/revisions\/1576"}],"wp:attachment":[{"href":"https:\/\/en-accord.fr\/index.php\/wp-json\/wp\/v2\/media?parent=56"}],"curies":[{"name":"wp","href":"https:\/\/api.w.org\/{rel}","templated":true}]}}